{"id":22,"date":"2018-01-25T18:08:26","date_gmt":"2018-01-25T17:08:26","guid":{"rendered":"http:\/\/1.ttcwahlen.de\/?page_id=22"},"modified":"2022-04-19T15:35:42","modified_gmt":"2022-04-19T14:35:42","slug":"verdiente-mitglieder","status":"publish","type":"page","link":"http:\/\/www.ttcwahlen.de\/?page_id=22","title":{"rendered":"Verdiente Mitglieder"},"content":{"rendered":"<p style=\"text-align: center;\"><span style=\"color: #000000; font-size: 20px;\">\n<table id=\"tablepress-15\" class=\"tablepress tablepress-id-15\">\n<thead>\n<tr class=\"row-1\">\n\t<th class=\"column-1\">Verdiente Mitglieder<\/th><td class=\"column-2\"><\/td>\n<\/tr>\n<\/thead>\n<tbody class=\"row-striping row-hover\">\n<tr class=\"row-2\">\n\t<td class=\"column-1\">Backes Markus<\/td><td class=\"column-2\">Jugendbetreuer<\/td>\n<\/tr>\n<tr class=\"row-3\">\n\t<td class=\"column-1\">Becker Helga +<\/td><td class=\"column-2\">Leiterin der Hausfrauenabteilung<\/td>\n<\/tr>\n<tr class=\"row-4\">\n\t<td class=\"column-1\">Becker Peter<\/td><td class=\"column-2\">Spitzenspieler und Nationalkadermitglied<\/td>\n<\/tr>\n<tr class=\"row-5\">\n\t<td class=\"column-1\">Breitinger Tilman<\/td><td class=\"column-2\">Mannschaftsf\u00fchrer und Organisator<\/td>\n<\/tr>\n<tr class=\"row-6\">\n\t<td class=\"column-1\">Buchm\u00fcller Stefan<\/td><td class=\"column-2\">2. Vorsitzender und Ressortleiter Geselligkeit<\/td>\n<\/tr>\n<tr class=\"row-7\">\n\t<td class=\"column-1\">Burr Hermann +<\/td><td class=\"column-2\">Ehrenpr\u00e4sident und Vereinsgr\u00fcnder; Pressewart<\/td>\n<\/tr>\n<tr class=\"row-8\">\n\t<td class=\"column-1\">Collura Magret +<\/td><td class=\"column-2\">Ressortleiterin f\u00fcr Frauensport, Mannschaftsf\u00fchrerin, 2. Vorsitzende<\/td>\n<\/tr>\n<tr class=\"row-9\">\n\t<td class=\"column-1\">Endres Rudolf<\/td><td class=\"column-2\">50 Jahre (seit 1970) ununterbrochen Vorsitzender oder Gesch\u00e4ftsf\u00fchrer und Jugendtrainer<\/td>\n<\/tr>\n<tr class=\"row-10\">\n\t<td class=\"column-1\">Geisen Ursula<\/td><td class=\"column-2\">2. Vorsitzende<\/td>\n<\/tr>\n<tr class=\"row-11\">\n\t<td class=\"column-1\">Herrmann Michael<\/td><td class=\"column-2\">Jugendtrainer und Jugendwart<\/td>\n<\/tr>\n<tr class=\"row-12\">\n\t<td class=\"column-1\">Herrmann Thomas<\/td><td class=\"column-2\">2. Vorsitzender und Jugendtrainer<\/td>\n<\/tr>\n<tr class=\"row-13\">\n\t<td class=\"column-1\">Hissler Monika<\/td><td class=\"column-2\">Schatzmeisterin<\/td>\n<\/tr>\n<tr class=\"row-14\">\n\t<td class=\"column-1\">Hissler Sascha<\/td><td class=\"column-2\">Gesch\u00e4ftsf\u00fchrer und Jugendleiter<\/td>\n<\/tr>\n<tr class=\"row-15\">\n\t<td class=\"column-1\">Hopperdietzel Thilo<\/td><td class=\"column-2\">Ressortleiter Geselligkeit und Mannschaftsf\u00fchrer<\/td>\n<\/tr>\n<tr class=\"row-16\">\n\t<td class=\"column-1\">Jacobs Michael<\/td><td class=\"column-2\">Jugendwart und Mannschaftsbetreuer<\/td>\n<\/tr>\n<tr class=\"row-17\">\n\t<td class=\"column-1\">Kraus Michael<\/td><td class=\"column-2\">Jugendwart und Gesch\u00e4ftsf\u00fchrer<\/td>\n<\/tr>\n<tr class=\"row-18\">\n\t<td class=\"column-1\">Linn Thomas<\/td><td class=\"column-2\">Jugendwart<\/td>\n<\/tr>\n<tr class=\"row-19\">\n\t<td class=\"column-1\">Marx Patrizia<\/td><td class=\"column-2\">Ressortleiterin Damensport und Mannschaftsf\u00fchrerin<\/td>\n<\/tr>\n<tr class=\"row-20\">\n\t<td class=\"column-1\">Marx Roman<\/td><td class=\"column-2\">2. Vorsitzender und Jugendwart<\/td>\n<\/tr>\n<tr class=\"row-21\">\n\t<td class=\"column-1\">Meiers Norbert +<\/td><td class=\"column-2\">Zeugwart<\/td>\n<\/tr>\n<tr class=\"row-22\">\n\t<td class=\"column-1\">M\u00fcller Edwin<\/td><td class=\"column-2\">12 Jahre 1. Vorsitzender<\/td>\n<\/tr>\n<tr class=\"row-23\">\n\t<td class=\"column-1\">Rolinger Erika<\/td><td class=\"column-2\">Gr\u00fcnderin und Leiterin der Hausfrauenabteilung<\/td>\n<\/tr>\n<tr class=\"row-24\">\n\t<td class=\"column-1\">Schmitt Hermann-Josef<\/td><td class=\"column-2\">Gesch\u00e4ftsf\u00fchrer und Sponsoringbeauftragter<\/td>\n<\/tr>\n<tr class=\"row-25\">\n\t<td class=\"column-1\">Schmitz Matthias<\/td><td class=\"column-2\">langj\u00e4hriger Mannschaftsf\u00fchrer und Ressortleiter Wettkampfsport<\/td>\n<\/tr>\n<tr class=\"row-26\">\n\t<td class=\"column-1\">Schr\u00f6der Edgar<\/td><td class=\"column-2\">2. Vorsitzender, Jugendwart, Jugendtrainer<\/td>\n<\/tr>\n<tr class=\"row-27\">\n\t<td class=\"column-1\">Schroepf Sarah<\/td><td class=\"column-2\">2. Vorsitzende<\/td>\n<\/tr>\n<tr class=\"row-28\">\n\t<td class=\"column-1\">Schulligen Markus<\/td><td class=\"column-2\">viele Jahre Ressortleiter f\u00fcr Mannschaftssport, Mannschaftsf\u00fchrer der Ersten<\/td>\n<\/tr>\n<tr class=\"row-29\">\n\t<td class=\"column-1\">Schulze Kim<\/td><td class=\"column-2\">Jugendwart<\/td>\n<\/tr>\n<tr class=\"row-30\">\n\t<td class=\"column-1\">S\u00fc\u00dfmilch G\u00fcnter<\/td><td class=\"column-2\">Hauptsponsor<\/td>\n<\/tr>\n<tr class=\"row-31\">\n\t<td class=\"column-1\">Thielen Winfried<\/td><td class=\"column-2\">Zeugwart und Trainer<\/td>\n<\/tr>\n<\/tbody>\n<\/table>\n<!-- #tablepress-15 from cache --><\/span><\/p>\n<p style=\"text-align: center;\"><span style=\"color: #000000; font-size: 20px;\">Aufgef\u00fchrt sind nur Sportkameraden*innen, die mindestens f\u00fcnf Jahre ein Ehrenamt im Verein bekleideten oder sich durch ein besonderes Engagement auszeichneten. Die Liste wurde im Nachhinein erstellt und erhebt keinen Anspruch auf Vollst\u00e4ndigkeit. F\u00fcr Hinweise sind wir dankbar.\u00a0<\/span><\/p>\n","protected":false},"excerpt":{"rendered":"<p>Aufgef\u00fchrt sind nur Sportkameraden*innen, die mindestens f\u00fcnf Jahre ein Ehrenamt im Verein bekleideten oder sich durch ein besonderes Engagement auszeichneten. Die Liste wurde im Nachhinein erstellt und erhebt keinen Anspruch auf Vollst\u00e4ndigkeit. F\u00fcr Hinweise sind wir dankbar.\u00a0<\/p>\n","protected":false},"author":1,"featured_media":0,"parent":0,"menu_order":0,"comment_status":"closed","ping_status":"closed","template":"","meta":{"footnotes":""},"class_list":["post-22","page","type-page","status-publish","hentry","hfeed"],"_links":{"self":[{"href":"http:\/\/www.ttcwahlen.de\/index.php?rest_route=\/wp\/v2\/pages\/22","targetHints":{"allow":["GET"]}}],"collection":[{"href":"http:\/\/www.ttcwahlen.de\/index.php?rest_route=\/wp\/v2\/pages"}],"about":[{"href":"http:\/\/www.ttcwahlen.de\/index.php?rest_route=\/wp\/v2\/types\/page"}],"author":[{"embeddable":true,"href":"http:\/\/www.ttcwahlen.de\/index.php?rest_route=\/wp\/v2\/users\/1"}],"replies":[{"embeddable":true,"href":"http:\/\/www.ttcwahlen.de\/index.php?rest_route=%2Fwp%2Fv2%2Fcomments&post=22"}],"version-history":[{"count":6,"href":"http:\/\/www.ttcwahlen.de\/index.php?rest_route=\/wp\/v2\/pages\/22\/revisions"}],"predecessor-version":[{"id":1868,"href":"http:\/\/www.ttcwahlen.de\/index.php?rest_route=\/wp\/v2\/pages\/22\/revisions\/1868"}],"wp:attachment":[{"href":"http:\/\/www.ttcwahlen.de\/index.php?rest_route=%2Fwp%2Fv2%2Fmedia&parent=22"}],"curies":[{"name":"wp","href":"https:\/\/api.w.org\/{rel}","templated":true}]}}